{"id":426,"date":"2021-09-24T07:16:58","date_gmt":"2021-09-24T07:16:58","guid":{"rendered":"https:\/\/gruporandi.org.ec\/?page_id=426"},"modified":"2025-12-19T04:50:51","modified_gmt":"2025-12-19T04:50:51","slug":"publicaciones","status":"publish","type":"page","link":"https:\/\/gruporandi.org.ec\/index.php\/publicaciones\/","title":{"rendered":"Publicaciones"},"content":{"rendered":"\t\t<div data-elementor-type=\"wp-page\" data-elementor-id=\"426\" class=\"elementor elementor-426\">\n\t\t\t\t\t\t<section class=\"elementor-section elementor-top-section elementor-element elementor-element-7abe8df elementor-section-boxed elementor-section-height-default elementor-section-height-default\" data-id=\"7abe8df\" data-element_type=\"section\" data-e-type=\"section\">\n\t\t\t\t\t\t<div class=\"elementor-container elementor-column-gap-default\">\n\t\t\t\t\t<div class=\"elementor-column elementor-col-100 elementor-top-column elementor-element elementor-element-845e048\" data-id=\"845e048\" data-element_type=\"column\" data-e-type=\"column\">\n\t\t\t<div class=\"elementor-widget-wrap elementor-element-populated\">\n\t\t\t\t\t\t<div class=\"elementor-element elementor-element-9a5e6a9 elementor-widget elementor-widget-heading\" data-id=\"9a5e6a9\" data-element_type=\"widget\" data-e-type=\"widget\" data-widget_type=\"heading.default\">\n\t\t\t\t<div class=\"elementor-widget-container\">\n\t\t\t\t\t<h2 class=\"elementor-heading-title elementor-size-default\">Publicaciones<\/h2>\t\t\t\t<\/div>\n\t\t\t\t<\/div>\n\t\t\t\t<div class=\"elementor-element elementor-element-58df20f elementor-widget elementor-widget-toggle\" data-id=\"58df20f\" data-element_type=\"widget\" data-e-type=\"widget\" data-widget_type=\"toggle.default\">\n\t\t\t\t<div class=\"elementor-widget-container\">\n\t\t\t\t\t\t\t<div class=\"elementor-toggle\">\n\t\t\t\t\t\t\t<div class=\"elementor-toggle-item\">\n\t\t\t\t\t<div id=\"elementor-tab-title-9311\" class=\"elementor-tab-title\" data-tab=\"1\" role=\"button\" aria-controls=\"elementor-tab-content-9311\" aria-expanded=\"false\">\n\t\t\t\t\t\t\t\t\t\t\t\t<span class=\"elementor-toggle-icon elementor-toggle-icon-left\" aria-hidden=\"true\">\n\t\t\t\t\t\t\t\t\t\t\t\t\t\t\t<span class=\"elementor-toggle-icon-closed\"><i class=\"fas fa-caret-right\"><\/i><\/span>\n\t\t\t\t\t\t\t\t<span class=\"elementor-toggle-icon-opened\"><i class=\"elementor-toggle-icon-opened fas fa-caret-up\"><\/i><\/span>\n\t\t\t\t\t\t\t\t\t\t\t\t\t<\/span>\n\t\t\t\t\t\t\t\t\t\t\t\t<a class=\"elementor-toggle-title\" tabindex=\"0\">Series de difusi\u00f3n<\/a>\n\t\t\t\t\t<\/div>\n\n\t\t\t\t\t<div id=\"elementor-tab-content-9311\" class=\"elementor-tab-content elementor-clearfix\" data-tab=\"1\" role=\"region\" aria-labelledby=\"elementor-tab-title-9311\"><p><b><a href=\"https:\/\/gruporandi.org.ec\/wp-content\/uploads\/2024\/04\/01-Propuestas-Andinas-N12_compressed.pdf\">Propuestas Andinas N\u00famero 12<\/a>: <\/b>Inclusi\u00f3n de Criterios de Cambio Clim\u00e1tico en el Plan de Manejo de la Reserva Ecol\u00f3gica El \u00c1ngel en Ecuador. 2015.<\/p><p><b><a href=\"https:\/\/gruporandi.org.ec\/wp-content\/uploads\/2024\/04\/02-Articulo-registro-climatico_compressed.pdf\">Serie de difusi\u00f3n No. 1<\/a>: <\/b>Registro Clim\u00e1tico \u201cEn Nuestra Comunidad\u201d. Per\u00edodo 2015 \u2013 2016.<\/p><p><b><a href=\"https:\/\/gruporandi.org.ec\/wp-content\/uploads\/2024\/04\/03-P-Jaramillo-CC-Riego-Carchi-sep-2017.pdf\">Serie de difusi\u00f3n No. 2<\/a>: <\/b>Cambio Clim\u00e1tico y Riego. Regantes de Pueblo Viejo.<\/p><p><b><a href=\"https:\/\/gruporandi.org.ec\/wp-content\/uploads\/2024\/04\/04-G-Duerto-D-Aguirre-SD3-Riesgos-climaticos-2017.pdf\">Serie de difusi\u00f3n No. 3<\/a>: <\/b>Riesgos Clim\u00e1ticos. En Nuestra Comunidad. Periodo 2016 &#8211; 2017.<\/p><\/div>\n\t\t\t\t<\/div>\n\t\t\t\t\t\t\t<div class=\"elementor-toggle-item\">\n\t\t\t\t\t<div id=\"elementor-tab-title-9312\" class=\"elementor-tab-title\" data-tab=\"2\" role=\"button\" aria-controls=\"elementor-tab-content-9312\" aria-expanded=\"false\">\n\t\t\t\t\t\t\t\t\t\t\t\t<span class=\"elementor-toggle-icon elementor-toggle-icon-left\" aria-hidden=\"true\">\n\t\t\t\t\t\t\t\t\t\t\t\t\t\t\t<span class=\"elementor-toggle-icon-closed\"><i class=\"fas fa-caret-right\"><\/i><\/span>\n\t\t\t\t\t\t\t\t<span class=\"elementor-toggle-icon-opened\"><i class=\"elementor-toggle-icon-opened fas fa-caret-up\"><\/i><\/span>\n\t\t\t\t\t\t\t\t\t\t\t\t\t<\/span>\n\t\t\t\t\t\t\t\t\t\t\t\t<a class=\"elementor-toggle-title\" tabindex=\"0\">Instrumentos de gesti\u00f3n<\/a>\n\t\t\t\t\t<\/div>\n\n\t\t\t\t\t<div id=\"elementor-tab-content-9312\" class=\"elementor-tab-content elementor-clearfix\" data-tab=\"2\" role=\"region\" aria-labelledby=\"elementor-tab-title-9312\"><p><b><a href=\"https:\/\/gruporandi.org.ec\/wp-content\/uploads\/2024\/04\/05-Publicacion-Plan-de-manejo-Reserva-El-Angel_compressed.pdf\">Plan de Manejo de la Reserva Ecol\u00f3gica El \u00c1ngel<\/a>.<\/b> (2015-2025).<\/p><p><b><a href=\"https:\/\/gruporandi.org.ec\/wp-content\/uploads\/2024\/04\/06-Resumen-Plan-de-manejo-Reserva-El-Angel.pdf\">Resumen del Plan de Manejo de la Reserva Ecol\u00f3gica El \u00c1ngel<\/a>.<\/b> (2015-2025).<\/p><\/div>\n\t\t\t\t<\/div>\n\t\t\t\t\t\t\t<div class=\"elementor-toggle-item\">\n\t\t\t\t\t<div id=\"elementor-tab-title-9313\" class=\"elementor-tab-title\" data-tab=\"3\" role=\"button\" aria-controls=\"elementor-tab-content-9313\" aria-expanded=\"false\">\n\t\t\t\t\t\t\t\t\t\t\t\t<span class=\"elementor-toggle-icon elementor-toggle-icon-left\" aria-hidden=\"true\">\n\t\t\t\t\t\t\t\t\t\t\t\t\t\t\t<span class=\"elementor-toggle-icon-closed\"><i class=\"fas fa-caret-right\"><\/i><\/span>\n\t\t\t\t\t\t\t\t<span class=\"elementor-toggle-icon-opened\"><i class=\"elementor-toggle-icon-opened fas fa-caret-up\"><\/i><\/span>\n\t\t\t\t\t\t\t\t\t\t\t\t\t<\/span>\n\t\t\t\t\t\t\t\t\t\t\t\t<a class=\"elementor-toggle-title\" tabindex=\"0\">Manuales de capacitaci\u00f3n<\/a>\n\t\t\t\t\t<\/div>\n\n\t\t\t\t\t<div id=\"elementor-tab-content-9313\" class=\"elementor-tab-content elementor-clearfix\" data-tab=\"3\" role=\"region\" aria-labelledby=\"elementor-tab-title-9313\"><p><a href=\"https:\/\/gruporandi.org.ec\/wp-content\/uploads\/2024\/04\/07-Cartilla-Plan-de-finca-PCC2.pdf\"><b>\u00bfC\u00f3mo hacer mi Plan de Finca? <\/b><\/a>2007.<\/p><p><b><a href=\"https:\/\/gruporandi.org.ec\/wp-content\/uploads\/2024\/04\/08-GUIA_METODOLOGICA_PARA_LA_ELABORACION_DE.pdf\">Gu\u00eda Metodol\u00f3gica para la Elaboraci\u00f3n de Planes de Manejo de Bosques y Vegetaci\u00f3n Protectora del Ecuador<\/a>.<\/b> 2008.<\/p><p><b><a href=\"https:\/\/gruporandi.org.ec\/wp-content\/uploads\/2024\/04\/09-Manual-BPA-1a-Ed_compressed.pdf\">Manual de Buenas Pr\u00e1cticas Ambientales en la Agricultura<\/a>. <\/b>2008.<\/p><p><b><a href=\"https:\/\/gruporandi.org.ec\/wp-content\/uploads\/2024\/04\/10_CGRR_2015_Manual-buenas-practicas-ganaderas.pdf\">Mejorando la Calidad de la Leche para Cuidar Nuestro P\u00e1ramo<\/a>. <\/b>Manual de buenas pr\u00e1cticas de manejo en ganader\u00eda para adaptarnos al cambio clim\u00e1tico. 2015.<\/p><\/div>\n\t\t\t\t<\/div>\n\t\t\t\t\t\t\t<div class=\"elementor-toggle-item\">\n\t\t\t\t\t<div id=\"elementor-tab-title-9314\" class=\"elementor-tab-title\" data-tab=\"4\" role=\"button\" aria-controls=\"elementor-tab-content-9314\" aria-expanded=\"false\">\n\t\t\t\t\t\t\t\t\t\t\t\t<span class=\"elementor-toggle-icon elementor-toggle-icon-left\" aria-hidden=\"true\">\n\t\t\t\t\t\t\t\t\t\t\t\t\t\t\t<span class=\"elementor-toggle-icon-closed\"><i class=\"fas fa-caret-right\"><\/i><\/span>\n\t\t\t\t\t\t\t\t<span class=\"elementor-toggle-icon-opened\"><i class=\"elementor-toggle-icon-opened fas fa-caret-up\"><\/i><\/span>\n\t\t\t\t\t\t\t\t\t\t\t\t\t<\/span>\n\t\t\t\t\t\t\t\t\t\t\t\t<a class=\"elementor-toggle-title\" tabindex=\"0\">Investigaciones y art\u00edculos<\/a>\n\t\t\t\t\t<\/div>\n\n\t\t\t\t\t<div id=\"elementor-tab-content-9314\" class=\"elementor-tab-content elementor-clearfix\" data-tab=\"4\" role=\"region\" aria-labelledby=\"elementor-tab-title-9314\"><p><b><a href=\"https:\/\/gruporandi.org.ec\/wp-content\/uploads\/2024\/04\/11-ABUNDANCIA-O-ESCASEZ.pdf\">\u00bfAbundancia o Escasez? Concesiones, Conflictos y Poderes en el Manejo del Agua en la Cuenca del R\u00edo El \u00c1ngel<\/a>. <\/b>Mauricio Proa\u00f1o y Susan Poats. 2000.<\/p><p><b><a href=\"https:\/\/gruporandi.org.ec\/wp-content\/uploads\/2024\/04\/12-Estudio-efectividad-guardaparques-2007.pdf\">An\u00e1lisis de los Modelos de Guardaparques en las \u00c1reas Protegidas del Ecuador Continental<\/a>. <\/b>Jackeline Contreras D\u00edaz, Susana L\u00f3pez R., Susan V. Poats y David Su\u00e1rez. 2007.<\/p><p><b><a href=\"https:\/\/gruporandi.org.ec\/wp-content\/uploads\/2024\/04\/13-policybrief_BAJA.pdf\">Aportes a la Adaptaci\u00f3n al Cambio Clim\u00e1tico de la Agricultura Familiar y Campesina del Ecuador<\/a>. <\/b>Seguridad Alimentaria, G\u00e9nero y Cambio Clim\u00e1tico. N\u00famero &#8211; 004. 2018.<\/p><p><b><a href=\"https:\/\/gruporandi.org.ec\/wp-content\/uploads\/2024\/04\/14-CC-Fredhy-V4.pdf\">Cambio Clim\u00e1tico y Agricultura<\/a>.<\/b> Subcuenca del R\u00edo El \u00c1ngel. Proyecciones siglo XX al 2080. Fredhy Castillo, Tatiana Castillo, Paola Vel\u00e1stegui y Aldemar N\u00e9jer. 2018.<\/p><p><b><a href=\"https:\/\/gruporandi.org.ec\/wp-content\/uploads\/2024\/04\/15-av_40_spanish.pdf\">Corredores: Rutas para la Adaptaci\u00f3n<\/a>.<\/b> Arbor Vitae: Bolet\u00edn Informativo del Programa de Conservaci\u00f3n de Bosques de la UICN No. 40. David Su\u00e1rez-Duque, Susan V. Poats, Tatiana Castillo y Tania Delgado. 2009.<\/p><p><b><a href=\"https:\/\/gruporandi.org.ec\/wp-content\/uploads\/2024\/04\/16-av_40_english.pdf\">Corridors: Routes for Adaptation<\/a>.<\/b> Arbor Vitae: Newsletter of the IUCN Forest Conservation Program No. 40. David Su\u00e1rez-Duque, Susan V. Poats, Tatiana Castillo, and Tania Delgado. 2009.<\/p><p><b><a href=\"https:\/\/gruporandi.org.ec\/wp-content\/uploads\/2024\/04\/17-Articulo-colorado-13-12-2017-para-GAD-Carchi.pdf\">Cuenca del R\u00edo Colorado en el Cant\u00f3n Espejo, Carchi. Recursos h\u00eddricos e integridad ecol\u00f3gica<\/a>. <\/b>Andrea Encalada, Esteban Su\u00e1rez, Susan V. Poats y Patricia Pilco Orellana. 2017.<\/p><p><b><a href=\"https:\/\/gruporandi.org.ec\/wp-content\/uploads\/2024\/04\/18-Descorriendo-velos-en-las-Ciencis-Sociales.pdf\">Descorriendo Velos en las Ciencias Sociales<\/a>.<\/b> Estudios sobre Mujeres y Ambiente en el Ecuador. Mar\u00eda Cuvi S\u00e1nchez, Susan V. Poats y Mar\u00eda Calder\u00f3n, editoras. 2006.<\/p><p><b><a href=\"https:\/\/gruporandi.org.ec\/wp-content\/uploads\/2024\/04\/19_Suarez_Diferencias_JBRIT2_2__35.pdf\">Diferencias en el Uso de Plantas entre Hombres y Mujeres en una Comunidad de Pie de Monster del Norte del Ecuador<\/a>. <\/b>David Su\u00e1rez Duque.<\/p><p><b><a href=\"https:\/\/gruporandi.org.ec\/wp-content\/uploads\/2024\/04\/20-Diversidad-Biologica-Estacion.pdf\">Diversidad Biol\u00f3gica de la Estaci\u00f3n de Ecosistemas Altoandinos y Agua \u201cLos Encinos\u201d<\/a>. <\/b>David Su\u00e1rez Duque. 2005.<\/p><p><b><a href=\"https:\/\/gruporandi.org.ec\/wp-content\/uploads\/2024\/04\/21-Etnografia-Zona-Alta.pdf\">Documento Etnogr\u00e1fico Zona Alta de la Cuenca del R\u00edo El \u00c1ngel<\/a>.<\/b> Proyecto: Poblaci\u00f3n, Uso de la Tierra, Consumo de Agua y Medioambiente, una Exploraci\u00f3n Comparativa de las Interrelaciones, Competencias, Conflictos y Alternativas al Norte del Ecuador. Estudio de Caso de \u201cSan Isidro\u201d, Parroquia La Libertad. Ivette Vallejo R. 1997.<\/p><p><b><a href=\"https:\/\/gruporandi.org.ec\/wp-content\/uploads\/2024\/04\/22-Etnografia-Zona-Baja.pdf\">Documento Etnogr\u00e1fico Zona Baja de la Cuenca del R\u00edo El \u00c1ngel<\/a>. <\/b>Proyecto: Poblaci\u00f3n, Uso de la Tierra, Consumo de Agua y Medioambiente, una Exploraci\u00f3n Comparativa de las Interrelaciones, Competencias, Conflictos y Alternativas al Norte del Ecuador. Estudio de Caso de \u201cSan Isidro\u201d, Parroquia La Libertad. Ivette Vallejo R. 1997.<\/p><p><b><a href=\"https:\/\/gruporandi.org.ec\/wp-content\/uploads\/2024\/04\/23-Articulo_4_vol_8.pdf\">Efectos del Cambio Clim\u00e1tico en la Diversidad Vegetal del Corredor de Conservaci\u00f3n Comunitaria Reserva Ecol\u00f3gica El \u00c1ngel &#8211; Bosque Protector Golondrinas en el Norte del Ecuador<\/a>. <\/b>Tania Delgado y David Su\u00e1rez Duque. 2009.<\/p><p><b><a href=\"https:\/\/gruporandi.org.ec\/wp-content\/uploads\/2024\/04\/24-E-Suarez-inf-final-CC-camaras-MAE.pdf\">Efectos Interactivos del Incremento de la Temperatura y las Quemas en el Desarrollo de la Vegetaci\u00f3n de un P\u00e1ramo Andino en el Norte del Ecuador<\/a>. <\/b>Esteban Su\u00e1rez.<\/p><p><b><a href=\"https:\/\/gruporandi.org.ec\/wp-content\/uploads\/2024\/04\/24_1LetrasVerdes05.pdf\">El biol y las mujeres de Chitacaspi, una experiencia de producci\u00f3n alternativa<\/a>. <\/b>Mar\u00eda Isabel R\u00edos. Revista Letras Verdes. Edici\u00f3n 05. 2009.<\/p><p><b><a href=\"https:\/\/gruporandi.org.ec\/wp-content\/uploads\/2024\/04\/24_2-Conversatorio_AP_ind1_compressed.pdf\">Experiencias de Conservaci\u00f3n en \u00c1reas Comunitarias y Territorios Ind\u00edgenas<\/a>. <\/b>Memorias del Conversatorio. Sistematizado por Claudia N\u00fa\u00f1ez. 2009.<\/p><p><b><a href=\"https:\/\/gruporandi.org.ec\/wp-content\/uploads\/2024\/04\/24_3-MRI_News7_Ruizetal.pdf\">Five-tiered Integrated Climate Related Biodiversity Vulnerability Assessment in the Tropical Andes<\/a>.<\/b> Daniel Ruiz Carrascal, Sebastian K. Herzog, Peter M. J\u00f8rgensen, Trond H. Larsen, Rodney Mart\u00ednez, Juan Jos\u00e9 Nieto, Susan V. Poats and Marcella Ohira. Mountain Research Initiative Newsletter no. 7. 2012.<\/p><p><b><a href=\"https:\/\/gruporandi.org.ec\/wp-content\/uploads\/2024\/04\/25-Articulo_2_vol_7_Ecologia_aplicada.pdf\">Formaci\u00f3n de un Corredor de H\u00e1bitat de un Bosque Montano Alto en un Mosaico de P\u00e1ramo en el Norte del Ecuador<\/a>.<\/b> David Su\u00e1rez Duque. 2008.<\/p><p><b><a href=\"https:\/\/gruporandi.org.ec\/wp-content\/uploads\/2024\/04\/26-GuiaPlantasReservaEcolgicaElAngel.pdf\">Gu\u00eda de plantas de la Reserva Ecol\u00f3gica El \u00c1ngel<\/a>. <\/b>Segundo Chimbolema, David Su\u00e1rez Duque, Marcia Pe\u00f1afiel Cevallos, Cristhian Acurio y Telma Paredes. 2014.<\/p><p><b><a href=\"https:\/\/gruporandi.org.ec\/wp-content\/uploads\/2024\/04\/27-Huellas-de-genero.pdf\">Huellas de G\u00e9nero en el Mar, el Parque y el P\u00e1ramo<\/a>. <\/b>Susan Paulson, Susan V. Poats y Mar\u00eda Argu\u0308ello, editoras. 2009.<\/p><p><b><a href=\"https:\/\/gruporandi.org.ec\/wp-content\/uploads\/2024\/04\/28-Genero-poder-y-agua-informe-final.pdf\">Informe de Investigaci\u00f3n sobre G\u00e9nero, Poder y Agua en la Subcuenca de R\u00edo El \u00c1ngel<\/a>.<\/b> Alexandra Mart\u00ednez Flores. 2005<\/p><p><b><a href=\"https:\/\/gruporandi.org.ec\/wp-content\/uploads\/2024\/04\/29-Interculturalidad-ECOBONA-Cuvi-y-Poats-2011.pdf\">La Interculturalidad en la Gesti\u00f3n Social de los Ecosistemas Andinos<\/a>. <\/b>Mar\u00eda Cuvi S\u00e1nchez y Susan V. Poats. 2011.<\/p><p><b><a href=\"https:\/\/gruporandi.org.ec\/wp-content\/uploads\/2024\/04\/30-Corredores-altitudinales-RevParques.pdf\">Los Corredores Altitudinales<\/a>: <\/b>Una Estrategia para la Adaptaci\u00f3n de la Biodiversidad en los Andes. David Su\u00e1rez-Duque, Tania Delgado, Cesar Cisneros y Susan V. Poats. 2010.<\/p><p><a href=\"https:\/\/gruporandi.org.ec\/wp-content\/uploads\/2024\/04\/31-Pobreza-Det-Amb-Proano-Poats-et-al-RIMISP.pdf\"><b>\u00bfLos Pobres deterioran el Ambiente? <\/b><\/a>Caso de estudio de la Subcuenca del R\u00edo El \u00c1ngel, Carchi, Ecuador. Mauricio Proa\u00f1o, Susan Poats, Paul Arellano, Charles Crissman y Ra\u00fal Jaramillo.<\/p><p><b><a href=\"https:\/\/gruporandi.org.ec\/wp-content\/uploads\/2024\/04\/32-IUCN-AECID-Mujeres-Paramos-2017-043_compressed.pdf\">Mujeres de los P\u00e1ramos<\/a>. <\/b>Uni\u00f3n Internacional para la Conservaci\u00f3n de la Naturaleza (UICN). Karen Hildahl, Mariela Rodr\u00edguez, Milena Armero-Estrada, M\u00f3nica Trujillo, Mar\u00eda Clara van der Hammen, Didier S\u00e1nchez, Cecilia P\u00e9rez, Patricia Pilco Orellana, Susan V. Poats y Daniela Aguirre. 2017.<\/p><p><b><a href=\"https:\/\/gruporandi.org.ec\/wp-content\/uploads\/2024\/04\/33-Pobreza_Rural_y_Deterioro_Ambiental_en_L.pdf\">Pobreza Rural y Deterioro Ambiental en la Cuenca del R\u00edo El \u00c1ngel, Carchi, Ecuador<\/a>. <\/b>Paul Arellano, Susan Poats, Mauricio Proa\u00f1o y Charles Crissman. 2000.<\/p><p><b><a href=\"https:\/\/gruporandi.org.ec\/wp-content\/uploads\/2024\/04\/34-Tejiendo-Redes-Manuscrito-final-2007.pdf\">Tejiendo Redes entre G\u00e9nero y Ambiente en los Andes<\/a>.<\/b> Susan V. Poats, Mar\u00eda Cuvi S\u00e1nchez y Andriana Burbano Tzonkowa, editoras. 2007.<\/p><p><b><a href=\"https:\/\/gruporandi.org.ec\/wp-content\/uploads\/2024\/04\/35-Letras-Verdes-07-interculturalidad.pdf\">Una Reflexi\u00f3n sobre la Interculturalidad desde la Antropolog\u00eda<\/a>. <\/b>Susan Poats. Revista Letras Verdes. Edici\u00f3n 07. 2010.<\/p><\/div>\n\t\t\t\t<\/div>\n\t\t\t\t\t\t\t<div class=\"elementor-toggle-item\">\n\t\t\t\t\t<div id=\"elementor-tab-title-9315\" class=\"elementor-tab-title\" data-tab=\"5\" role=\"button\" aria-controls=\"elementor-tab-content-9315\" aria-expanded=\"false\">\n\t\t\t\t\t\t\t\t\t\t\t\t<span class=\"elementor-toggle-icon elementor-toggle-icon-left\" aria-hidden=\"true\">\n\t\t\t\t\t\t\t\t\t\t\t\t\t\t\t<span class=\"elementor-toggle-icon-closed\"><i class=\"fas fa-caret-right\"><\/i><\/span>\n\t\t\t\t\t\t\t\t<span class=\"elementor-toggle-icon-opened\"><i class=\"elementor-toggle-icon-opened fas fa-caret-up\"><\/i><\/span>\n\t\t\t\t\t\t\t\t\t\t\t\t\t<\/span>\n\t\t\t\t\t\t\t\t\t\t\t\t<a class=\"elementor-toggle-title\" tabindex=\"0\">Tesis y tesinas<\/a>\n\t\t\t\t\t<\/div>\n\n\t\t\t\t\t<div id=\"elementor-tab-content-9315\" class=\"elementor-tab-content elementor-clearfix\" data-tab=\"5\" role=\"region\" aria-labelledby=\"elementor-tab-title-9315\"><p><b><a href=\"https:\/\/gruporandi.org.ec\/wp-content\/uploads\/2024\/04\/36-Tesina-Final-Berta.pdf\">El g\u00e9nero en una investigaci\u00f3n sobre cambio clim\u00e1tico en la sierra norte ecuatoriana<\/a>. <\/b>Una aproximaci\u00f3n feminista. Tesina realizada por Berta Buz\u00f3n Carrasco. Bajo la direcci\u00f3n de Mar\u00eda Cuvi S\u00e1nchez. Promoci\u00f3n 2010-2011.<\/p><p><b><a href=\"https:\/\/gruporandi.org.ec\/wp-content\/uploads\/2024\/04\/37-Garcia_TFM2.pdf\">Fase inicial de la interacci\u00f3n de las quemas y el calentamiento experimental sobre la regeneraci\u00f3n de la vegetaci\u00f3n de P\u00e1ramo en el noroccidente del Ecuador<\/a>.<\/b> Tesis presentada por: Valeria Garc\u00eda L\u00f3pez. Tutor: Dr. Esteban Su\u00e1rez Robalino. Curso acad\u00e9mico 2009-2010.<\/p><p><a href=\"https:\/\/gruporandi.org.ec\/wp-content\/uploads\/2024\/04\/38-Tesis-tania-Davila.pdf\"><b>Oportunidades y Desaf\u00edos de la Participaci\u00f3n en la Gesti\u00f3n Ambiental de la Subcuenca del R\u00edo El \u00c1ngel, Provincia del Carchi.<\/b><\/a> Tesis presentada por: Tania D\u00e1vila Paredes. 2010.<\/p><\/div>\n\t\t\t\t<\/div>\n\t\t\t\t\t\t\t\t<\/div>\n\t\t\t\t\t\t<\/div>\n\t\t\t\t<\/div>\n\t\t\t\t\t<\/div>\n\t\t<\/div>\n\t\t\t\t\t<\/div>\n\t\t<\/section>\n\t\t\t\t<\/div>\n\t\t","protected":false},"excerpt":{"rendered":"<p>Publicaciones Series de difusi\u00f3n Propuestas Andinas N\u00famero 12: Inclusi\u00f3n de Criterios de Cambio Clim\u00e1tico en el Plan de Manejo de la Reserva Ecol\u00f3gica El \u00c1ngel en Ecuador. 2015. Serie de difusi\u00f3n No. 1: Registro Clim\u00e1tico \u201cEn Nuestra Comunidad\u201d. Per\u00edodo 2015 \u2013 2016. Serie de difusi\u00f3n No. 2: Cambio Clim\u00e1tico y Riego. Regantes de Pueblo Viejo. [&hellip;]<\/p>\n","protected":false},"author":1,"featured_media":0,"parent":0,"menu_order":0,"comment_status":"closed","ping_status":"closed","template":"elementor_header_footer","meta":{"site-sidebar-layout":"no-sidebar","site-content-layout":"page-builder","ast-site-content-layout":"full-width-container","site-content-style":"unboxed","site-sidebar-style":"unboxed","ast-global-header-display":"","ast-banner-title-visibility":"","ast-main-header-display":"disabled","ast-hfb-above-header-display":"","ast-hfb-below-header-display":"","ast-hfb-mobile-header-display":"","site-post-title":"disabled","ast-breadcrumbs-content":"disabled","ast-featured-img":"disabled","footer-sml-layout":"","ast-disable-related-posts":"","theme-transparent-header-meta":"disabled","adv-header-id-meta":"","stick-header-meta":"","header-above-stick-meta":"","header-main-stick-meta":"","header-below-stick-meta":"","astra-migrate-meta-layouts":"set","ast-page-background-enabled":"default","ast-page-background-meta":{"desktop":{"background-color":"var(--ast-global-color-4)","background-image":"","background-repeat":"repeat","background-position":"center center","background-size":"auto","background-attachment":"scroll","background-type":"","background-media":"","overlay-type":"","overlay-color":"","overlay-opacity":"","overlay-gradient":""},"tablet":{"background-color":"","background-image":"","background-repeat":"repeat","background-position":"center center","background-size":"auto","background-attachment":"scroll","background-type":"","background-media":"","overlay-type":"","overlay-color":"","overlay-opacity":"","overlay-gradient":""},"mobile":{"background-color":"","background-image":"","background-repeat":"repeat","background-position":"center center","background-size":"auto","background-attachment":"scroll","background-type":"","background-media":"","overlay-type":"","overlay-color":"","overlay-opacity":"","overlay-gradient":""}},"ast-content-background-meta":{"desktop":{"background-color":"var(--ast-global-color-5)","background-image":"","background-repeat":"repeat","background-position":"center center","background-size":"auto","background-attachment":"scroll","background-type":"","background-media":"","overlay-type":"","overlay-color":"","overlay-opacity":"","overlay-gradient":""},"tablet":{"background-color":"var(--ast-global-color-5)","background-image":"","background-repeat":"repeat","background-position":"center center","background-size":"auto","background-attachment":"scroll","background-type":"","background-media":"","overlay-type":"","overlay-color":"","overlay-opacity":"","overlay-gradient":""},"mobile":{"background-color":"var(--ast-global-color-5)","background-image":"","background-repeat":"repeat","background-position":"center center","background-size":"auto","background-attachment":"scroll","background-type":"","background-media":"","overlay-type":"","overlay-color":"","overlay-opacity":"","overlay-gradient":""}},"footnotes":""},"class_list":["post-426","page","type-page","status-publish","hentry"],"_links":{"self":[{"href":"https:\/\/gruporandi.org.ec\/index.php\/wp-json\/wp\/v2\/pages\/426","targetHints":{"allow":["GET"]}}],"collection":[{"href":"https:\/\/gruporandi.org.ec\/index.php\/wp-json\/wp\/v2\/pages"}],"about":[{"href":"https:\/\/gruporandi.org.ec\/index.php\/wp-json\/wp\/v2\/types\/page"}],"author":[{"embeddable":true,"href":"https:\/\/gruporandi.org.ec\/index.php\/wp-json\/wp\/v2\/users\/1"}],"replies":[{"embeddable":true,"href":"https:\/\/gruporandi.org.ec\/index.php\/wp-json\/wp\/v2\/comments?post=426"}],"version-history":[{"count":38,"href":"https:\/\/gruporandi.org.ec\/index.php\/wp-json\/wp\/v2\/pages\/426\/revisions"}],"predecessor-version":[{"id":993,"href":"https:\/\/gruporandi.org.ec\/index.php\/wp-json\/wp\/v2\/pages\/426\/revisions\/993"}],"wp:attachment":[{"href":"https:\/\/gruporandi.org.ec\/index.php\/wp-json\/wp\/v2\/media?parent=426"}],"curies":[{"name":"wp","href":"https:\/\/api.w.org\/{rel}","templated":true}]}}